{"id":825,"date":"2022-10-24T21:09:25","date_gmt":"2022-10-24T19:09:25","guid":{"rendered":"http:\/\/www.fridaselander.com\/?page_id=825"},"modified":"2025-09-15T10:02:59","modified_gmt":"2025-09-15T08:02:59","slug":"det-borjar-i-dig","status":"publish","type":"page","link":"https:\/\/www.fridaselander.com\/","title":{"rendered":"Det b\u00f6rjar i dig"},"content":{"rendered":"<div style=\"text-align: center;\"><a href=\"https:\/\/open.spotify.com\/album\/70iYjkIhUBMBxLbEjAqr9I?si=4ksrCOR1SOy4AjzAtgfmkQ\"><img loading=\"lazy\" class=\"alignnone size-full wp-image-920\" src=\"http:\/\/www.fridaselander.com\/wp-content\/uploads\/2023\/05\/detborjaridig.jpg\" alt=\"\" width=\"1500\" height=\"1500\" srcset=\"https:\/\/www.fridaselander.com\/wp-content\/uploads\/2023\/05\/detborjaridig.jpg 1500w, https:\/\/www.fridaselander.com\/wp-content\/uploads\/2023\/05\/detborjaridig-300x300.jpg 300w, https:\/\/www.fridaselander.com\/wp-content\/uploads\/2023\/05\/detborjaridig-1024x1024.jpg 1024w, https:\/\/www.fridaselander.com\/wp-content\/uploads\/2023\/05\/detborjaridig-150x150.jpg 150w, https:\/\/www.fridaselander.com\/wp-content\/uploads\/2023\/05\/detborjaridig-768x768.jpg 768w\" sizes=\"(max-width: 1500px) 100vw, 1500px\" \/><\/a>\n<p><span style=\"color: #000000;\"><br \/>19\/9 Nordingr\u00e5 kulturhus, Mare fredsfestival<br \/>27\/9 D\u00f6belns park, Umepride\u00a0<br \/>13\/11 Stockholm, Bio Aspen<\/span><\/p>\n<\/div>\n\n\n<hr class=\"wp-block-separator has-alpha-channel-opacity\"\/>\n\n\n\n<p><em>Det b\u00f6rjar i dig<\/em>&nbsp;\u00e4r en skiva och en f\u00f6rest\u00e4llning som \u00e4r l\u00e5ngt mer \u00e4n en m\u00e4nniskas lilla resa fr\u00e5n k\u00e4rlekssorg till ensamhetslycka. Det handlar om att h\u00f6ja sin sv\u00e5righetsgrad.&nbsp;<\/p>\n\n\n\n<p>F\u00f6r att kunna ta sig ur sina m\u00f6nster m\u00e5ste man m\u00f6blera om dem, f\u00f6r att kunna sl\u00e4ppa taget m\u00e5ste man f\u00f6rst\u00e5 sin fallh\u00f6jd. F\u00f6r att bli en annan tillsammans med andra m\u00e5ste vi vara nyfikna ocks\u00e5 i v\u00e5r ensamhet. Och ibland m\u00e5ste man vara r\u00e4dd hela natten f\u00f6r att kunna bli en hj\u00e4lte i morgontimmarna!<\/p>\n\n\n\n<p>Musiken \u00e4r knackningar p\u00e5 glas\u00f6gonfodral, bestickl\u00e5dor som far i golvet, en droppande kran och en b\u00e4ck som blir v\u00e4gen man f\u00f6ljer. Alla ljud som \u00e4r vardagens ljud, de som \u00e4r oss n\u00e4rmast. Liksom Selanders s\u00e5ng aldrig varit s\u00e5 brutalt uppriktig i sin \u00f6mhet.<\/p>\n\n\n\n<p>Det \u00e4r l\u00e5tar som sv\u00e4nger och drar oss med i ett tempo bortom fysiken&nbsp;och d\u00e4rf\u00f6r blir det som b\u00f6rjar i Selander n\u00e5got som forts\u00e4tter i oss.<\/p>\n\n\n\n<hr class=\"wp-block-separator has-alpha-channel-opacity\"\/>\n\n\n\n<h2 class=\"has-text-align-center\">F\u00f6lj Frida h\u00e4r:<\/h2>\n\n\n\n<pre class=\"wp-block-code\"><code><p class=\"has-text-align-center\"><a style=\"border-bottom:none;\" href=\"https:\/\/www.instagram.com\/frida_selander\/\" data-type=\"URL\" data-id=\"https:\/\/www.instagram.com\/frida_selander\/\"><\/a><a style=\"border-bottom:none;\" href=\"https:\/\/open.spotify.com\/artist\/7rw7nK2s0UNtneNF3nM7qO\"><img loading=\"lazy\" width=\"50\" height=\"50\" class=\"wp-image-882\" style=\"width: 50px;\" src=\"http:\/\/www.fridaselander.com\/wp-content\/uploads\/2022\/10\/icons8-spotify-50.png\" alt=\"\"><\/a> <a href=\"https:\/\/www.instagram.com\/frida_selander\/\" style=\"border-bottom:none;\" data-type=\"URL\" data-id=\"https:\/\/www.instagram.com\/frida_selander\/\"><img loading=\"lazy\" width=\"50\" height=\"50\" class=\"wp-image-881\" style=\"width: 50px;\" src=\"http:\/\/www.fridaselander.com\/wp-content\/uploads\/2022\/10\/icons8-instagram-50.png\" alt=\"\"><\/a> <a href=\"https:\/\/www.facebook.com\/fridaselander\" style=\"border-bottom:none;\" data-type=\"URL\"><img loading=\"lazy\" width=\"50\" height=\"50\" class=\"wp-image-880\" style=\"width: 50px;\" src=\"http:\/\/www.fridaselander.com\/wp-content\/uploads\/2022\/10\/icons8-facebook-50.png\" alt=\"\"><\/a> <a style=\"border-bottom:none;\" href=\"mailto:info@fridaselander.com\"><img loading=\"lazy\" width=\"50\" height=\"50\" class=\"wp-image-879\" style=\"width: 50px;\" src=\"http:\/\/www.fridaselander.com\/wp-content\/uploads\/2022\/10\/icons8-circled-envelope-50.png\" alt=\"\"><\/a><\/p><\/code><\/pre>\n","protected":false},"excerpt":{"rendered":"<p>19\/9 Nordingr\u00e5 kulturhus, Mare fredsfestival27\/9 D\u00f6belns park, Umepride\u00a013\/11 Stockholm, Bio Aspen Det b\u00f6rjar i dig&nbsp;\u00e4r en skiva och en f\u00f6rest\u00e4llning som \u00e4r l\u00e5ngt mer \u00e4n en m\u00e4nniskas lilla resa fr\u00e5n k\u00e4rlekssorg till ensamhetslycka. Det handlar om att h\u00f6ja sin sv\u00e5righetsgrad.&nbsp; F\u00f6r att kunna ta sig ur sina m\u00f6nster m\u00e5ste man m\u00f6blera om dem, f\u00f6r att<a class=\"more-link\" href=\"https:\/\/www.fridaselander.com\/\">Continue reading <span class=\"screen-reader-text\">&#8220;Det b\u00f6rjar i dig&#8221;<\/span><\/a><\/p>\n","protected":false},"author":1,"featured_media":0,"parent":0,"menu_order":0,"comment_status":"closed","ping_status":"closed","template":"","meta":{"_monsterinsights_skip_tracking":false,"_monsterinsights_sitenote_active":false,"_monsterinsights_sitenote_note":"","_monsterinsights_sitenote_category":0},"_links":{"self":[{"href":"https:\/\/www.fridaselander.com\/index.php?rest_route=\/wp\/v2\/pages\/825"}],"collection":[{"href":"https:\/\/www.fridaselander.com\/index.php?rest_route=\/wp\/v2\/pages"}],"about":[{"href":"https:\/\/www.fridaselander.com\/index.php?rest_route=\/wp\/v2\/types\/page"}],"author":[{"embeddable":true,"href":"https:\/\/www.fridaselander.com\/index.php?rest_route=\/wp\/v2\/users\/1"}],"replies":[{"embeddable":true,"href":"https:\/\/www.fridaselander.com\/index.php?rest_route=%2Fwp%2Fv2%2Fcomments&post=825"}],"version-history":[{"count":60,"href":"https:\/\/www.fridaselander.com\/index.php?rest_route=\/wp\/v2\/pages\/825\/revisions"}],"predecessor-version":[{"id":942,"href":"https:\/\/www.fridaselander.com\/index.php?rest_route=\/wp\/v2\/pages\/825\/revisions\/942"}],"wp:attachment":[{"href":"https:\/\/www.fridaselander.com\/index.php?rest_route=%2Fwp%2Fv2%2Fmedia&parent=825"}],"curies":[{"name":"wp","href":"https:\/\/api.w.org\/{rel}","templated":true}]}}